{"id":271,"date":"2016-10-05T05:36:12","date_gmt":"2016-10-05T05:36:12","guid":{"rendered":"http:\/\/localhost\/flash\/?page_id=4"},"modified":"2023-01-27T18:34:38","modified_gmt":"2023-01-27T17:34:38","slug":"home","status":"publish","type":"page","link":"https:\/\/przedszkole127krakow.pl\/","title":{"rendered":"Strona g\u0142\u00f3wna"},"content":{"rendered":"<div id=\"pl-271\"  class=\"panel-layout\" ><div id=\"pg-271-0\"  class=\"panel-grid panel-no-style\" ><div id=\"pgc-271-0-0\"  class=\"panel-grid-cell\" ><div id=\"panel-271-0-0-0\" class=\"so-panel widget widget_text panel-first-child panel-last-child\" data-index=\"0\" >\t\t\t<div class=\"textwidget\"><p><a href=\"http:\/\/przedszkole127krakow.pl\/\"><img decoding=\"async\" loading=\"lazy\" class=\"alignnone wp-image-309\" src=\"http:\/\/przedszkole127krakow.pl\/wp-content\/uploads\/2022\/12\/start-300x91.png\" alt=\"\" width=\"161\" height=\"49\" srcset=\"https:\/\/przedszkole127krakow.pl\/wp-content\/uploads\/2022\/12\/start-300x91.png 300w, https:\/\/przedszkole127krakow.pl\/wp-content\/uploads\/2022\/12\/start-1024x312.png 1024w, https:\/\/przedszkole127krakow.pl\/wp-content\/uploads\/2022\/12\/start-768x234.png 768w, https:\/\/przedszkole127krakow.pl\/wp-content\/uploads\/2022\/12\/start-24x7.png 24w, https:\/\/przedszkole127krakow.pl\/wp-content\/uploads\/2022\/12\/start-36x11.png 36w, https:\/\/przedszkole127krakow.pl\/wp-content\/uploads\/2022\/12\/start-48x15.png 48w, https:\/\/przedszkole127krakow.pl\/wp-content\/uploads\/2022\/12\/start.png 1475w\" sizes=\"(max-width: 161px) 100vw, 161px\" \/><\/a><a href=\"http:\/\/przedszkole127krakow.pl\/index.php\/o-nas\/\"><img decoding=\"async\" loading=\"lazy\" class=\"alignnone wp-image-308\" src=\"http:\/\/strona.przedszkole127krakow.pl\/wp-content\/uploads\/2022\/12\/onas-300x91.png\" alt=\"\" width=\"161\" height=\"49\" srcset=\"https:\/\/przedszkole127krakow.pl\/wp-content\/uploads\/2022\/12\/onas-300x91.png 300w, https:\/\/przedszkole127krakow.pl\/wp-content\/uploads\/2022\/12\/onas-1024x312.png 1024w, https:\/\/przedszkole127krakow.pl\/wp-content\/uploads\/2022\/12\/onas-768x234.png 768w, https:\/\/przedszkole127krakow.pl\/wp-content\/uploads\/2022\/12\/onas-24x7.png 24w, https:\/\/przedszkole127krakow.pl\/wp-content\/uploads\/2022\/12\/onas-36x11.png 36w, https:\/\/przedszkole127krakow.pl\/wp-content\/uploads\/2022\/12\/onas-48x15.png 48w, https:\/\/przedszkole127krakow.pl\/wp-content\/uploads\/2022\/12\/onas.png 1475w\" sizes=\"(max-width: 161px) 100vw, 161px\" \/><\/a><a href=\"http:\/\/przedszkole127krakow.pl\/index.php\/aktualnosci\/\"><img decoding=\"async\" loading=\"lazy\" class=\"alignnone wp-image-310\" src=\"http:\/\/przedszkole127krakow.pl\/wp-content\/uploads\/2022\/12\/aktualnosci-300x91.png\" alt=\"\" width=\"161\" height=\"49\" srcset=\"https:\/\/przedszkole127krakow.pl\/wp-content\/uploads\/2022\/12\/aktualnosci-300x91.png 300w, https:\/\/przedszkole127krakow.pl\/wp-content\/uploads\/2022\/12\/aktualnosci-1024x312.png 1024w, https:\/\/przedszkole127krakow.pl\/wp-content\/uploads\/2022\/12\/aktualnosci-768x234.png 768w, https:\/\/przedszkole127krakow.pl\/wp-content\/uploads\/2022\/12\/aktualnosci-24x7.png 24w, https:\/\/przedszkole127krakow.pl\/wp-content\/uploads\/2022\/12\/aktualnosci-36x11.png 36w, https:\/\/przedszkole127krakow.pl\/wp-content\/uploads\/2022\/12\/aktualnosci-48x15.png 48w, https:\/\/przedszkole127krakow.pl\/wp-content\/uploads\/2022\/12\/aktualnosci.png 1475w\" sizes=\"(max-width: 161px) 100vw, 161px\" \/><\/a><a href=\"http:\/\/strona.przedszkole127krakow.pl\/index.php\/nasze-grupy\/\"><img decoding=\"async\" loading=\"lazy\" class=\"alignnone wp-image-306\" src=\"http:\/\/przedszkole127krakow.pl\/wp-content\/uploads\/2022\/12\/grupy-300x91.png\" alt=\"\" width=\"161\" height=\"49\" srcset=\"https:\/\/przedszkole127krakow.pl\/wp-content\/uploads\/2022\/12\/grupy-300x91.png 300w, https:\/\/przedszkole127krakow.pl\/wp-content\/uploads\/2022\/12\/grupy-1024x312.png 1024w, https:\/\/przedszkole127krakow.pl\/wp-content\/uploads\/2022\/12\/grupy-768x234.png 768w, https:\/\/przedszkole127krakow.pl\/wp-content\/uploads\/2022\/12\/grupy-24x7.png 24w, https:\/\/przedszkole127krakow.pl\/wp-content\/uploads\/2022\/12\/grupy-36x11.png 36w, https:\/\/przedszkole127krakow.pl\/wp-content\/uploads\/2022\/12\/grupy-48x15.png 48w, https:\/\/przedszkole127krakow.pl\/wp-content\/uploads\/2022\/12\/grupy.png 1475w\" sizes=\"(max-width: 161px) 100vw, 161px\" \/><\/a><a href=\"http:\/\/przedszkole127krakow.pl\/index.php\/dla-rodzicow\/\"><img decoding=\"async\" loading=\"lazy\" class=\"alignnone wp-image-305\" src=\"http:\/\/przedszkole127krakow.pl\/wp-content\/uploads\/2022\/12\/dlarodzicow-300x91.png\" alt=\"\" width=\"161\" height=\"49\" srcset=\"https:\/\/przedszkole127krakow.pl\/wp-content\/uploads\/2022\/12\/dlarodzicow-300x91.png 300w, https:\/\/przedszkole127krakow.pl\/wp-content\/uploads\/2022\/12\/dlarodzicow-1024x312.png 1024w, https:\/\/przedszkole127krakow.pl\/wp-content\/uploads\/2022\/12\/dlarodzicow-768x234.png 768w, https:\/\/przedszkole127krakow.pl\/wp-content\/uploads\/2022\/12\/dlarodzicow-24x7.png 24w, https:\/\/przedszkole127krakow.pl\/wp-content\/uploads\/2022\/12\/dlarodzicow-36x11.png 36w, https:\/\/przedszkole127krakow.pl\/wp-content\/uploads\/2022\/12\/dlarodzicow-48x15.png 48w, https:\/\/przedszkole127krakow.pl\/wp-content\/uploads\/2022\/12\/dlarodzicow.png 1475w\" sizes=\"(max-width: 161px) 100vw, 161px\" \/><\/a><a href=\"http:\/\/przedszkole127krakow.pl\/index.php\/kontakt\/\"><img decoding=\"async\" loading=\"lazy\" class=\"alignnone wp-image-307\" src=\"http:\/\/przedszkole127krakow.pl\/wp-content\/uploads\/2022\/12\/kontakt-300x91.png\" alt=\"\" width=\"161\" height=\"49\" srcset=\"https:\/\/przedszkole127krakow.pl\/wp-content\/uploads\/2022\/12\/kontakt-300x91.png 300w, https:\/\/przedszkole127krakow.pl\/wp-content\/uploads\/2022\/12\/kontakt-1024x312.png 1024w, https:\/\/przedszkole127krakow.pl\/wp-content\/uploads\/2022\/12\/kontakt-768x234.png 768w, https:\/\/przedszkole127krakow.pl\/wp-content\/uploads\/2022\/12\/kontakt-24x7.png 24w, https:\/\/przedszkole127krakow.pl\/wp-content\/uploads\/2022\/12\/kontakt-36x11.png 36w, https:\/\/przedszkole127krakow.pl\/wp-content\/uploads\/2022\/12\/kontakt-48x15.png 48w, https:\/\/przedszkole127krakow.pl\/wp-content\/uploads\/2022\/12\/kontakt.png 1475w\" sizes=\"(max-width: 161px) 100vw, 161px\" \/><\/a><a href=\"https:\/\/www.bip.krakow.pl\/?bip_id=368\"><img decoding=\"async\" loading=\"lazy\" class=\"alignnone wp-image-311\" src=\"http:\/\/przedszkole127krakow.pl\/wp-content\/uploads\/2022\/12\/bip-300x91.png\" alt=\"\" width=\"161\" height=\"49\" srcset=\"https:\/\/przedszkole127krakow.pl\/wp-content\/uploads\/2022\/12\/bip-300x91.png 300w, https:\/\/przedszkole127krakow.pl\/wp-content\/uploads\/2022\/12\/bip-1024x312.png 1024w, https:\/\/przedszkole127krakow.pl\/wp-content\/uploads\/2022\/12\/bip-768x234.png 768w, https:\/\/przedszkole127krakow.pl\/wp-content\/uploads\/2022\/12\/bip-24x7.png 24w, https:\/\/przedszkole127krakow.pl\/wp-content\/uploads\/2022\/12\/bip-36x11.png 36w, https:\/\/przedszkole127krakow.pl\/wp-content\/uploads\/2022\/12\/bip-48x15.png 48w, https:\/\/przedszkole127krakow.pl\/wp-content\/uploads\/2022\/12\/bip.png 1475w\" sizes=\"(max-width: 161px) 100vw, 161px\" \/><\/a><\/p>\n<\/div>\n\t\t<\/div><\/div><\/div><div id=\"pg-271-1\"  class=\"panel-grid panel-has-style\" ><div class=\"siteorigin-panels-stretch panel-row-style panel-row-style-for-271-1\" data-stretch-type=\"full-stretched\" ><div id=\"pgc-271-1-0\"  class=\"panel-grid-cell\" ><div id=\"panel-271-1-0-0\" class=\"so-panel widget widget_themegrill_flash_slider tg-section tg-slider-widget panel-first-child panel-last-child\" data-index=\"1\" ><div class=\"tg-slider-widget slider-dark slider-content-left slider-control-center full-width\">\n\t<div class=\"swiper-container\">\n\t\t<div class=\"swiper-wrapper\">\n\t\t\t\n\t\t\t\t\t<div class=\"swiper-slide\">\n\t\t\t\t\t\t<figure class=\"slider-image\" >\n\t\t\t\t\t\t\t<img  \t\t\t\t\t\t\t\t\tsrc=\"http:\/\/strona.przedszkole127krakow.pl\/wp-content\/uploads\/2023\/01\/slider.jpg\"\n\t\t\t\t\t\t\t\t\talt=\"\"\n\t\t\t\t\t\t\t\t\ttitle=\"\"\/>\n\t\t\t\t\t\t\t<div class=\"overlay\"><\/div>\n\t\t\t\t\t\t<\/figure>\n\t\t\t\t\t\t<div class=\"slider-content\">\n\t\t\t\t\t\t\t<div class=\"tg-container\">\n\t\t\t\t\t\t\t\t<div class=\"caption-title\"><\/div>\n\t\t\t\t\t\t\t\t<div class=\"caption-desc\"><\/div>\n\t\t\t\t\t\t\t\t\t\t\t\t\t\t\t<\/div>\n\t\t\t\t\t\t<\/div>\n\t\t\t\t\t<\/div>\n\n\t\t\t\t\t\t<\/div>\n\t\t<div class=\"swiper-pagination\"><\/div>\n\t\t<div class=\"slider-arrow\">\n\t\t\t<div class=\"swiper-button-next\"><\/div>\n\t\t\t<div class=\"swiper-button-prev\"><\/div>\n\t\t<\/div>\n\t<\/div>\n<\/div>\n<\/div><\/div><\/div><\/div><div id=\"pg-271-2\"  class=\"panel-grid panel-has-style\" ><div class=\"siteorigin-panels-stretch panel-row-style panel-row-style-for-271-2\" data-stretch-type=\"full-stretched\" ><div id=\"pgc-271-2-0\"  class=\"panel-grid-cell panel-grid-cell-empty\" ><\/div><\/div><\/div><div id=\"pg-271-3\"  class=\"panel-grid panel-has-style\" ><div class=\"siteorigin-panels-stretch panel-row-style panel-row-style-for-271-3\" data-stretch-type=\"full\" ><div id=\"pgc-271-3-0\"  class=\"panel-grid-cell\" ><div id=\"panel-271-3-0-0\" class=\"so-panel widget widget_themegrill_flash_heading tg-widget section-title-wrapper panel-first-child panel-last-child\" data-index=\"2\" >\t<h3 class=\"section-title\">\u201eAKADEMIA KOSZA\u0141KA OPA\u0141KA\u201d<\/h3>\n\t<div class=\"section-description\">CHARAKTERYSTYKA PRZEDSZKOLA<\/div>\n<\/div><\/div><\/div><\/div><div id=\"pg-271-4\"  class=\"panel-grid panel-no-style\" ><div id=\"pgc-271-4-0\"  class=\"panel-grid-cell panel-grid-cell-empty\" ><\/div><div id=\"pgc-271-4-1\"  class=\"panel-grid-cell\" ><div id=\"panel-271-4-1-0\" class=\"so-panel widget widget_text panel-first-child panel-last-child\" data-index=\"3\" >\t\t\t<div class=\"textwidget\"><p>Przedszkole Samorz\u0105dowe nr 127 nosi imi\u0119 Kosza\u0142ka Opa\u0142ka. Jego siedziba mie\u015bci si\u0119 w Krakowie, w centrum Osiedla Podwawelskiego przy ul. Komandos\u00f3w 13, w dogodnym ci\u0105gu komunikacyjnym ale z dala od ruchliwych ulic i miejskiego zgie\u0142ku.<br \/>\nZlokalizowane jest w wolnostoj\u0105cym, pi\u0119trowym budynku, na zapleczu, kt\u00f3rego znajduje si\u0119 du\u017cy ogr\u00f3d z nowym, funkcjonalnym placem zabaw dla dzieci, kt\u00f3ry zapewnia doskona\u0142e warunki do zabawy i wypoczynku na \u015bwie\u017cym powietrzu.<br \/>\nSale dla dzieci s\u0105 przestronne, przytulne i bezpiecznie urz\u0105dzone, wyposa\u017cone w zabawki, pomoce dydaktyczne, sprz\u0119t do zabaw i gier. Na parterze mie\u015bci si\u0119: szatnia, dwie sale zaj\u0119\u0107 wyposa\u017cone w \u0142azienki, gabinet dyrektora i kuchnia z pomieszczeniami gospodarczymi. Na pi\u0119trze: trzy sale zaj\u0119\u0107 z \u0142azienkami, aneks kuchenny, biblioteka, pomieszczenie administracyjne oraz salka do zaj\u0119\u0107 dodatkowych.<br \/>\nNasze przedszkole jest dost\u0119pne dla dzieci ze wszystkich dzielnic. Obecnie obejmuje 5 grup wiekowych. Do ka\u017cdej grupy ucz\u0119szcza 25 dzieci.<\/p>\n<\/div>\n\t\t<\/div><\/div><div id=\"pgc-271-4-2\"  class=\"panel-grid-cell\" ><div id=\"panel-271-4-2-0\" class=\"so-panel widget widget_media_image panel-first-child panel-last-child\" data-index=\"4\" ><img width=\"756\" height=\"824\" src=\"https:\/\/przedszkole127krakow.pl\/wp-content\/uploads\/2023\/01\/logo_nowe.jpg\" class=\"image wp-image-552  attachment-full size-full\" alt=\"\" decoding=\"async\" loading=\"lazy\" style=\"max-width: 100%; height: auto;\" srcset=\"https:\/\/przedszkole127krakow.pl\/wp-content\/uploads\/2023\/01\/logo_nowe.jpg 756w, https:\/\/przedszkole127krakow.pl\/wp-content\/uploads\/2023\/01\/logo_nowe-275x300.jpg 275w, https:\/\/przedszkole127krakow.pl\/wp-content\/uploads\/2023\/01\/logo_nowe-22x24.jpg 22w, https:\/\/przedszkole127krakow.pl\/wp-content\/uploads\/2023\/01\/logo_nowe-33x36.jpg 33w, https:\/\/przedszkole127krakow.pl\/wp-content\/uploads\/2023\/01\/logo_nowe-44x48.jpg 44w\" sizes=\"(max-width: 756px) 100vw, 756px\" \/><\/div><\/div><\/div><div id=\"pg-271-5\"  class=\"panel-grid panel-no-style\" ><div id=\"pgc-271-5-0\"  class=\"panel-grid-cell panel-grid-cell-empty\" ><\/div><div id=\"pgc-271-5-1\"  class=\"panel-grid-cell\" ><div id=\"panel-271-5-1-0\" class=\"so-panel widget widget_text panel-first-child panel-last-child\" data-index=\"5\" >\t\t\t<div class=\"textwidget\"><p>Przedszkole realizuje tre\u015bci podstawy programowej wychowania przedszkolnego dla przedszkoli i oddzia\u0142\u00f3w przedszkolnych w szko\u0142ach podstawowych zgodnie z rozporz\u0105dzeniem Ministra Edukacji Narodowej z dnia 14 lutego 2017 roku.<br \/>\nNasze przedszkole zapewnia opiek\u0119, wychowanie i uczenie si\u0119 poprzez zabaw\u0119 w atmosferze akceptacji i bezpiecze\u0144stwa.<br \/>\nNaszym celem jest wspomaganie i ukierunkowywanie rozwoju dziecka zgodnie z jego wrodzonym potencja\u0142em i mo\u017cliwo\u015bciami rozwojowymi w relacjach ze \u015brodowiskiem spo\u0142eczno-kulturowym i przyrodniczym.<br \/>\nWobec rodzic\u00f3w pe\u0142nimy funkcj\u0119 doradcz\u0105 i wspieraj\u0105c\u0105 dzia\u0142ania wychowawcze:<br \/>\npomagamy w rozpoznawaniu mo\u017cliwo\u015bci rozwojowych dziecka i podj\u0119ciu wczesnej interwencji specjalistycznej<br \/>\ninformujemy na bie\u017c\u0105co o post\u0119pach dziecka<br \/>\nuzgadniamy wsp\u00f3lnie z rodzicami kierunki i zakres zada\u0144 realizowanych w przedszkolu.<\/p>\n<p>W przedszkolu realizowane s\u0105 nast\u0119puj\u0105ce programy:<br \/>\n\u201e Kocham przedszkole\u201d &#8211; Miros\u0142awa Anna Pleskot, Agnieszka Staszewska-Mieszek Wydawnictwo Szkolne i Pedagogiczne, Warszawa 2016r.<br \/>\nProgram zawiera szczeg\u00f3\u0142owy zakres wiadomo\u015bci i umiej\u0119tno\u015bci, jakimi powinno dysponowa\u0107 dziecko ko\u0144cz\u0105ce przedszkole. W Programie wyodr\u0119bniono osiem obszar\u00f3w, kt\u00f3re obejmuj\u0105 wszystkie tre\u015bci edukacyjne i wychowawcze wynikaj\u0105ce z podstawy programowej wychowanie przedszkolnego:<br \/>\n\u2022 Jestem i dzia\u0142am z innymi<br \/>\n\u2022 \u017byj\u0119 zdrowo i bezpiecznie<br \/>\n\u2022 Dzia\u0142am w harmonii z przyrod\u0105<br \/>\n\u2022 My\u015bl\u0119 i dzia\u0142am matematycznie<br \/>\n\u2022 M\u00f3wi\u0119 i rozumiem<br \/>\n\u2022 B\u0119d\u0119 czyta\u0107 i pisa\u0107<br \/>\n\u2022 Jestem odbiorc\u0105 i tw\u00f3rc\u0105<br \/>\n\u2022 \u017byj\u0119 w\u015br\u00f3d innych kultur i narodowo\u015bci<br \/>\nW programie realizowanie zada\u0144 edukacyjno &#8211; wychowawczych odnosi si\u0119 do konstruktywistycznej teorii uczenia si\u0119 czyli:<br \/>\n&#8211; Indywidualnego postrzegania dziecka z w\u0142asnymi potrzebami rozwojowymi i strategiami uczenia si\u0119,<br \/>\n&#8211; Uczenie si\u0119 zachodzi przez w\u0142asn\u0105 aktywno\u015b\u0107 dziecka w trakcie podejmowania atrakcyjnych i zr\u00f3\u017cnicowanych zada\u0144,<br \/>\n&#8211; Nauczyciel stwarza maksymalnie sprzyjaj\u0105ce warunki do aktywnego nabywania i rozwijania r\u00f3\u017cnorodnych kompetencji z zakresu wszystkich aspekt\u00f3w jego osobowo\u015bci.<\/p>\n<p>W przedszkolu realizowane s\u0105 elementy metody nauczania matematyki prof. Edyta Gruszczyk-Kolczy\u0144ska i Ewa Zieli\u0144ska \u201eDzieci\u0119ca matematyka\u201d<br \/>\nPraca powy\u017csz\u0105 metod\u0105 pozwala rozwin\u0105\u0107 u dzieci mo\u017cliwo\u015bci umys\u0142owe i uzdolnienia do uczenia si\u0119 matematyki w szkole. W programie wyodr\u0119bniono 14 blok\u00f3w programowych, w kt\u00f3rych znajduj\u0105 si\u0119 tre\u015bci dobrane tak, aby rozwin\u0105\u0107 najwa\u017cniejsze czynno\u015bci intelektualne i ukszta\u0142towa\u0107 te umiej\u0119tno\u015bci, kt\u00f3re s\u0105 wa\u017cne dla dalszej edukacji matematycznej dzieci. W ka\u017cdym bloku tre\u015bci u\u0142o\u017cone s\u0105 zgodnie z rozwojem dzieci\u0119cych umiej\u0119tno\u015bci. S\u0105 to:<br \/>\n&#8211; Orientacja przestrzenna<br \/>\n&#8211; Rytmy i rytmiczna organizacja czasu<br \/>\n&#8211; Przyczyna i skutek. Przewidywanie nast\u0119pstw<br \/>\n&#8211; Kszta\u0142towanie umiej\u0119tno\u015bci liczenia obiekt\u00f3w<br \/>\n&#8211; Dodawanie i odejmowanie, rozdawanie i rozdzielanie po kilka<br \/>\n&#8211; Klasyfikacja<br \/>\n&#8211; Pomaganie dzieciom w u\u015bwiadamianiu sobie sta\u0142ej liczby element\u00f3w w zbiorze, chocia\u017c obserwuj\u0105 one zmiany sugeruj\u0105ce, \u017ce przedmiot\u00f3w jest wi\u0119cej lub mniej. R\u00f3wnoliczno\u015b\u0107. Przybli\u017canie dzieciom aspektu kardynalnego liczby<br \/>\n&#8211; Ustawianie po kolei, numerowanie. Przybli\u017canie dzieciom aspektu porz\u0105dkowego liczby<br \/>\n&#8211; D\u0142ugo\u015b\u0107: kszta\u0142towanie umiej\u0119tno\u015bci mierzenia i pomaganie dzieciom w u\u015bwiadomieniu sobie sta\u0142o\u015bci d\u0142ugo\u015bci.<br \/>\n&#8211; Intuicje geometryczne<br \/>\n&#8211; Kszta\u0142towanie odporno\u015bci emocjonalnej dzieci i zdolno\u015bci do wysi\u0142ku intelektualnego<br \/>\n&#8211; Pomaganie dzieciom w u\u015bwiadamianiu sobie sta\u0142ej ilo\u015bci p\u0142yn\u00f3w, chocia\u017c po przelaniu wydaje si\u0119, \u017ce jest wi\u0119cej lub mniej. Mierzenie ilo\u015bci p\u0142yn\u00f3w<br \/>\n&#8211; Waga i wa\u017cenie<br \/>\n&#8211; Uk\u0142adanie i rozwi\u0105zywanie zada\u0144 z tre\u015bci\u0105. Zapisywanie czynno\u015bci matematycznych w spos\u00f3b dost\u0119pny dla sze\u015bciolatk\u00f3w<\/p>\n<p>W swojej pracy adaptujemy elementy r\u00f3\u017cnych metod pedagogicznych zgodnie z za\u0142o\u017ceniami programowymi:<br \/>\n* Pedagogika zabawy (zabawy i gry integruj\u0105ce grup\u0119, wyzwalaj\u0105ce aktywno\u015b\u0107)<br \/>\n* Metoda Ruchu Rozwijaj\u0105cego Weroniki Sherborne (\u0107wiczenia ruchowe pozwalaj\u0105ce dzieciom na poznanie w\u0142asnego cia\u0142a i orientacj\u0119 w przestrzeni)<br \/>\n* Metoda Dobrego Startu Marty Bogdanowicz (system \u0107wicze\u0144 wspieraj\u0105cych rozw\u00f3j psychomotoryczny dziecka)<br \/>\n* Metoda ekspresji ruchowej Carla Orffa (metoda improwizacji ruchowej i samowyra\u017cania si\u0119 ruchem)<br \/>\n* Metoda ruchowej ekspresji tw\u00f3rczej Rudolfa von Labana<br \/>\n* Metoda wprowadzania w \u015bwiat pisma Ireny Majchrzak<br \/>\n* Gimnastyka M\u00f3zgu Paula Dennisona (kinezjologia edukacyjna)<br \/>\n* Metoda projektu<br \/>\n* Logorytmika<br \/>\n* Techniki relaksacyjne<\/p>\n<p>Dzieci maj\u0105 mo\u017cliwo\u015b\u0107 korzystania z koncert\u00f3w muzycznych oraz teatrzyk\u00f3w w wykonaniu artyst\u00f3w estradowych. Uczestnicz\u0105 w licznych konkursach przedszkolnych, \u015brodowiskowych i og\u00f3lnopolskich. Bior\u0105 udzia\u0142 w akcjach charytatywnych.<br \/>\nW przedszkolu organizowane s\u0105 spotkania integracyjne z udzia\u0142em rodzic\u00f3w i dzieci, kt\u00f3re po raz pierwszy przekrocz\u0105 pr\u00f3g przedszkola. Celem tych spotka\u0144 jest stworzenie atmosfery bezpiecze\u0144stwa w\u015br\u00f3d dzieci i rodzic\u00f3w, szybsze przystosowanie do nowego \u015brodowiska, poznanie pracownik\u00f3w i pomieszcze\u0144 przedszkola.<br \/>\nPrzedszkole promuje zdrowy styl \u017cycia, dobr\u0105 wsp\u00f3\u0142prac\u0119 z rodzicami i \u015brodowiskiem lokalnym. Pracownicy przedszkola to wysoko wykwalifikowana kadra pedagogiczna oraz serdeczny i troskliwy personel pomocniczy.<br \/>\nPrzedszkole wsp\u00f3\u0142pracuje z Poradni\u0105 Psychologiczno-Pedagogiczn\u0105 oraz innymi instytucjami wspomagaj\u0105cymi rozw\u00f3j dziecka.<\/p>\n<p>Tradycj\u0105 plac\u00f3wki jest organizowanie uroczysto\u015bci i imprez, w kt\u00f3rych czynny udzia\u0142 bior\u0105 rodzice. Pozwala to dzieciom pozna\u0107 histori\u0119 i obyczaje zwi\u0105zane z r\u00f3\u017cnymi \u015bwi\u0119tami, wyzwala pozytywne emocje, ch\u0119\u0107 zaprezentowania bliskim swoich osi\u0105gni\u0119\u0107. Do takich uroczysto\u015bci nale\u017c\u0105:<br \/>\n* Pasowanie na Krasnoludka<br \/>\n* Dzie\u0144 Przedszkolaka<br \/>\n* Wr\u00f3\u017cby andrzejkowe<br \/>\n* Dzie\u0144 Przedszkolaka<br \/>\n* Dzie\u0144 czy\u015bciocha<br \/>\n* Spotkanie wigilijne<br \/>\n* Jase\u0142ka<br \/>\n* Dzie\u0144 Babci i Dziadka<br \/>\n* Powitanie wiosny i \u015bwi\u0119to patrona<br \/>\n* Tydzie\u0144 rodziny<br \/>\n* Po\u017cegnanie starszak\u00f3w<br \/>\n* Spotkania z teatrem<br \/>\n* Spotkania ze Szko\u0142ami Podstawowymi<\/p>\n<p>Opr\u00f3cz\u00a0obowi\u0105zuj\u0105cej\u00a0pracy\u00a0dydaktyczno \u2013 wychowawczej i opieku\u0144czej prowadzonej w oparciu\u00a0o\u00a0Podstaw\u0119\u00a0Programow\u0105\u00a0i\u00a0uzupe\u0142nianej przez\u00a0inne\u00a0programy\u00a0wychowania w przedszkolu oferujemy\u00a0mo\u017cliwo\u015b\u0107 wyboru i\u00a0ucz\u0119szczania\u00a0na\u00a0zaj\u0119cia\u00a0dodatkowe:<\/p>\n<p>taniec towarzyski (zaj\u0119cia op\u0142acane z bud\u017cetu przedszkola) &#8211; nauka ta\u0144ca klasycznego, dyskotekowego, ta\u0144ce zabawowo-relaksacyjne.<br \/>\nreligia (dla dzieci 6-letnich &#8211; zaj\u0119cia nieodp\u0142atne) &#8211; zaj\u0119cia przybli\u017caj\u0105ce dzieciom tre\u015bci religijne (prowadzone w formie zabaw przez siostr\u0119 zakonn\u0105).<br \/>\nrytmika (zaj\u0119cia op\u0142acane z bud\u017cetu przedszkola) &#8211; zabawy ruchowe przy muzyce dla wszystkich dzieci<\/p>\n<p>Co nas wyr\u00f3\u017cnia:<br \/>\n* ca\u0142oroczny program adaptacyjny dla dzieci 2,5 -3 letnich &#8211; ZABAWY FUNDAMENTALNE<br \/>\n* k\u00f3\u0142ka zainteresowa\u0144 dzia\u0142aj\u0105ce w ramach TALENCIARNI &#8211; Laboratorium komputerowe &#8222;Robotyka&#8221;, &#8222;Ma\u0142y Bystrzak&#8221; &#8211; zabawy w programowanie i\u00a0\u00a0\u00a0 kodowanie, &#8222;Poszukiwacze tajemnic&#8221; &#8211; Laboratorium badawczo-eksperymentalne, Zabawy logiczno-matematyczne<br \/>\n* funkcjonalny plac zabaw w du\u017cym ogrodzie<br \/>\n* systematycznie aktualizowana strona internetowa<\/p>\n<\/div>\n\t\t<\/div><\/div><\/div><div id=\"pg-271-6\"  class=\"panel-grid panel-no-style\" ><div id=\"pgc-271-6-0\"  class=\"panel-grid-cell\" ><div id=\"panel-271-6-0-0\" class=\"so-panel widget widget_text panel-first-child panel-last-child\" data-index=\"6\" ><div class=\"panel-widget-style panel-widget-style-for-271-6-0-0\" >\t\t\t<div class=\"textwidget\"><ul>\n<li class=\"page sub\">\n<h2 class=\"title\"><a href=\"http:\/\/strona.przedszkole127krakow.pl\/index.php\/deklaracja-dostepnosci\/\">Deklaracja dost\u0119pno\u015bci<\/a><\/h2>\n<div class=\"description\">\n<p>Informacja o dost\u0119pno\u015bci cyfrowej stron internetowych i aplikacji mobilnych podmiot\u00f3w publicznych.<\/p>\n<p>&nbsp;<\/p>\n<\/div>\n<\/li>\n<\/ul>\n<\/div>\n\t\t<\/div><\/div><\/div><\/div><div id=\"pg-271-7\"  class=\"panel-grid panel-no-style\" ><div id=\"pgc-271-7-0\"  class=\"panel-grid-cell\" ><div id=\"panel-271-7-0-0\" class=\"so-panel widget widget_text panel-first-child panel-last-child\" data-index=\"7\" ><div class=\"panel-widget-style panel-widget-style-for-271-7-0-0\" >\t\t\t<div class=\"textwidget\"><ul>\n<li class=\"page sub\">\n<h2 class=\"title\"><a href=\"http:\/\/strona.przedszkole127krakow.pl\/index.php\/wielkosc-tekstu\/\">Wielko\u015b\u0107 tekstu<\/a><\/h2>\n<div class=\"description\">\n<p>Informacja dotycz\u0105ca tekstu \u0142atwego do czytania.<\/p>\n<p>&nbsp;<\/p>\n<\/div>\n<\/li>\n<\/ul>\n<\/div>\n\t\t<\/div><\/div><\/div><\/div><\/div>","protected":false},"excerpt":{"rendered":"<p>\u201eAKADEMIA KOSZA\u0141KA OPA\u0141KA\u201d CHARAKTERYSTYKA PRZEDSZKOLA Przedszkole Samorz\u0105dowe nr 127 nosi imi\u0119 Kosza\u0142ka Opa\u0142ka. Jego siedziba mie\u015bci si\u0119 w Krakowie, w [&hellip;]<\/p>\n","protected":false},"author":1,"featured_media":0,"parent":0,"menu_order":0,"comment_status":"closed","ping_status":"closed","template":"page-templates\/pagebuilder.php","meta":{"ngg_post_thumbnail":0},"_links":{"self":[{"href":"https:\/\/przedszkole127krakow.pl\/index.php\/wp-json\/wp\/v2\/pages\/271"}],"collection":[{"href":"https:\/\/przedszkole127krakow.pl\/index.php\/wp-json\/wp\/v2\/pages"}],"about":[{"href":"https:\/\/przedszkole127krakow.pl\/index.php\/wp-json\/wp\/v2\/types\/page"}],"author":[{"embeddable":true,"href":"https:\/\/przedszkole127krakow.pl\/index.php\/wp-json\/wp\/v2\/users\/1"}],"replies":[{"embeddable":true,"href":"https:\/\/przedszkole127krakow.pl\/index.php\/wp-json\/wp\/v2\/comments?post=271"}],"version-history":[{"count":107,"href":"https:\/\/przedszkole127krakow.pl\/index.php\/wp-json\/wp\/v2\/pages\/271\/revisions"}],"predecessor-version":[{"id":1070,"href":"https:\/\/przedszkole127krakow.pl\/index.php\/wp-json\/wp\/v2\/pages\/271\/revisions\/1070"}],"wp:attachment":[{"href":"https:\/\/przedszkole127krakow.pl\/index.php\/wp-json\/wp\/v2\/media?parent=271"}],"curies":[{"name":"wp","href":"https:\/\/api.w.org\/{rel}","templated":true}]}}